{"id":286,"date":"2016-10-31T13:17:59","date_gmt":"2016-10-31T16:17:59","guid":{"rendered":"https:\/\/instsantasylvina-cha.infd.edu.ar\/sitio\/?page_id=286"},"modified":"2024-02-22T21:35:09","modified_gmt":"2024-02-23T00:35:09","slug":"inicio","status":"publish","type":"page","link":"https:\/\/instsantasylvina-cha.infd.edu.ar\/sitio\/","title":{"rendered":"Inicio"},"content":{"rendered":"<h2>Est\u00e1n abiertas las preinscripciones a carreras 2024<\/h2>\n<p><img decoding=\"async\" loading=\"lazy\" class=\"alignnone  wp-image-949\" src=\"https:\/\/instsantasylvina-cha.infd.edu.ar\/sitio\/wp-content\/uploads\/2024\/02\/preinscrip2024-1000x519.png\" alt=\"\" width=\"522\" height=\"271\" srcset=\"https:\/\/instsantasylvina-cha.infd.edu.ar\/sitio\/wp-content\/uploads\/2024\/02\/preinscrip2024-1000x519.png 1000w, https:\/\/instsantasylvina-cha.infd.edu.ar\/sitio\/wp-content\/uploads\/2024\/02\/preinscrip2024-768x399.png 768w, https:\/\/instsantasylvina-cha.infd.edu.ar\/sitio\/wp-content\/uploads\/2024\/02\/preinscrip2024.png 1027w\" sizes=\"(max-width: 522px) 100vw, 522px\" \/><\/p>\n<p>\u00a0<\/p>\n<p>Compartimos el enlace del formulario web para realizar la preinscripci\u00f3n para las carreras a iniciar en 2024, tanto en la sede (Santa Sylvina) como en la UES (Chorotis): <a href=\"https:\/\/docs.google.com\/forms\/d\/e\/1FAIpQLSe0GNibDeRXh6Ba_fdPCzVlUKTG2OfblNeEazqQ4yoXbQ7sQg\/viewform?usp=sf_link\">Preinscripci\u00f3n 2024\u00a0<\/a><\/p>\n<p>El enlace al formulario tambi\u00e9n esta publicado en el linktree del IES, que es una p\u00e1gina que concentra los enlaces a todos los sitios y redes sociales del Instituto: <a href=\"https:\/\/linktr.ee\/iesfontanarrosa\">https:\/\/linktr.ee\/iesfontanarrosa<\/a><\/p>\n<p>Una vez enviado este formulario, recibir\u00e1 una copia en la direcci\u00f3n de correo electr\u00f3nico que declar\u00f3, deber\u00e1 imprimirla y acercarla al Instituto para finalizar la inscripci\u00f3n, hasta el 15\/03\/2024.<\/p>\n<p>De ser necesario asesoramiento para cumplimentar esta inscripci\u00f3n, pueden acercarse al I.E.S., de 18.30 a 22.00 horas.<\/p>\n<p>Las carreras habilitadas son las siguientes:<\/p>\n<p>En la Sede (Santa Sylvina):<\/p>\n<ul>\n<li>Profesorado de Educaci\u00f3n Superior en Ciencias de la Educaci\u00f3n (5 a\u00f1os)<\/li>\n<li>Profesorado de Educaci\u00f3n Superior en Artes Visuales con orientaci\u00f3n en Pintura (5 a\u00f1os)<\/li>\n<li>Profesorado de Educaci\u00f3n Secundaria en Historia (4 a\u00f1os)<\/li>\n<li>Tecnicatura Superior en Gesti\u00f3n de la Producci\u00f3n Agropecuaria (3 a\u00f1os)<\/li>\n<li>Tecnicatura Superior en Dise\u00f1o Gr\u00e1fico y Digital (3 a\u00f1os)<\/li>\n<li>Tecnicatura Superior en Administraci\u00f3n P\u00fablica (3 a\u00f1os).<\/li>\n<\/ul>\n<p>En la UES (Chorotis) :<\/p>\n<ul>\n<li>Profesorado de Educaci\u00f3n Superior en Ciencias de la Educaci\u00f3n (5 a\u00f1os)<\/li>\n<li>Tecnicatura Superior en Gesti\u00f3n de la Producci\u00f3n Agropecuaria (3 a\u00f1os)<\/li>\n<\/ul>\n<p>\u00a0<\/p>\n<p>&#8212;&#8212;&#8212;&#8212;&#8212;&#8212;&#8212;&#8212;&#8212;&#8212;&#8212;&#8212;&#8212;&#8212;&#8212;&#8212;&#8212;&#8212;&#8212;&#8212;&#8212;&#8212;&#8212;&#8212;&#8212;&#8212;&#8212;&#8212;&#8212;&#8212;&#8212;&#8212;&#8212;&#8212;&#8212;&#8212;&#8212;&#8212;&#8212;&#8212;&#8212;&#8212;&#8212;&#8212;&#8212;&#8212;&#8212;&#8212;&#8212;&#8212;&#8212;&#8212;&#8212;&#8212;&#8212;&#8212;&#8212;&#8212;<\/p>\n<h2>Inscripciones ingresantes a carreras 2023<\/h2>\n<p><img decoding=\"async\" loading=\"lazy\" class=\"alignnone  wp-image-946\" src=\"https:\/\/instsantasylvina-cha.infd.edu.ar\/sitio\/wp-content\/uploads\/2022\/12\/seol-1000x704.png\" alt=\"\" width=\"421\" height=\"296\" srcset=\"https:\/\/instsantasylvina-cha.infd.edu.ar\/sitio\/wp-content\/uploads\/2022\/12\/seol-1000x704.png 1000w, https:\/\/instsantasylvina-cha.infd.edu.ar\/sitio\/wp-content\/uploads\/2022\/12\/seol-768x540.png 768w, https:\/\/instsantasylvina-cha.infd.edu.ar\/sitio\/wp-content\/uploads\/2022\/12\/seol.png 1087w\" sizes=\"(max-width: 421px) 100vw, 421px\" \/><\/p>\n<p>Compartimos el enlace para realizar la inscripci\u00f3n de ingresantes a carreras 2023: <a href=\"https:\/\/desingresos.seol.ar\/control_acceso\/\">https:\/\/desingresos.seol.ar\/control_acceso\/<\/a>, as\u00ed tambi\u00e9n un enlace de video explicativo para los y las estudiantes que se inscriban y puedan obtener sus constancias de inscripci\u00f3n a los fines que se presente junto con la documentaci\u00f3n necesaria: <a href=\"https:\/\/youtu.be\/hTjg6eN29EM\">https:\/\/youtu.be\/hTjg6eN29EM<\/a><\/p>\n<p>De ser necesario asesoramiento para cumplimentar esta inscripci\u00f3n, pueden acercarse al I.E.S., de 18.30 a 22.00 horas.<\/p>\n<p>Aclaramos que la inscripci\u00f3n oficial se hace a trav\u00e9s del enlace publicado m\u00e1s arriba, pero por cuestiones de respaldo, pedimos que completen el formulario del enlace siguiente, exclusivamente para Nuestro IES: <a href=\"https:\/\/docs.google.com\/forms\/d\/e\/1FAIpQLSeUFmeGQM51_sbn934ElvY_HsHFbSFJHppPj6Fnay1vlGKJWw\/viewform?usp=sf_link\">formularioIES2023<\/a>.<\/p>\n<p>Las carreras habilitadas son las siguientes:<\/p>\n<p>En la Sede (Santa Sylvina):<\/p>\n<ul>\n<li>Profesorado de Educaci\u00f3n Superior en Ciencias de la Educaci\u00f3n (5 a\u00f1os)<\/li>\n<li>Profesorado de Educaci\u00f3n Superior en Artes Visuales con orientaci\u00f3n en Pintura (5 a\u00f1os)<\/li>\n<li>Tecnicatura Superior en Gesti\u00f3n de la Producci\u00f3n Agropecuaria (3 a\u00f1os)<\/li>\n<li>Tecnicatura Superior en Dise\u00f1o Gr\u00e1fico y Digital (3 a\u00f1os)<\/li>\n<\/ul>\n<p>En la UES (Chorotis) :<\/p>\n<ul>\n<li>Profesorado de Educaci\u00f3n Especial con orientaci\u00f3n en Discapacidad Intelectual (4 a\u00f1os).<\/li>\n<li>Tecnicatura Superior en Administraci\u00f3n P\u00fablica (3 a\u00f1os).<\/li>\n<\/ul>\n<p>&#8212;&#8212;&#8212;&#8212;&#8212;&#8212;&#8212;&#8212;&#8212;&#8212;&#8212;&#8212;&#8212;&#8212;&#8212;&#8212;&#8212;&#8212;&#8212;&#8212;&#8212;&#8212;&#8212;&#8212;&#8212;&#8212;&#8212;&#8212;&#8212;&#8212;&#8212;&#8212;&#8212;&#8212;&#8212;&#8212;&#8212;&#8212;&#8212;-<\/p>\n<h2>Inscripciones a carreras 2022<\/h2>\n<p>Est\u00e1n abiertas las inscripciones a primer a\u00f1o de las carreras que inician en 2022 y que se detallan m\u00e1s abajo.<\/p>\n<p>En la Sede (Santa Sylvina):<\/p>\n<ul>\n<li>Profesorado de Educaci\u00f3n Superior en Ciencias de la Educaci\u00f3n (5 a\u00f1os)<\/li>\n<li>Profesorado de Educaci\u00f3n Superior en Artes Visuales con orientaci\u00f3n en Pintura (5 a\u00f1os)<\/li>\n<li>Profesorado de Educaci\u00f3n Secundaria en Inform\u00e1tica (4 a\u00f1os)<\/li>\n<li>Tecnicatura Superior en Dise\u00f1o gr\u00e1fico Digital (3 a\u00f1os)<\/li>\n<\/ul>\n<p>En la UES :<\/p>\n<ul>\n<li>Profesorado de Educaci\u00f3n Especial con orientaci\u00f3n en Discapacidad Intelectual (4 a\u00f1os). En Chorotis<\/li>\n<li>Tecnicatura Superior en Administraci\u00f3n P\u00fablica (3 a\u00f1os). En Venados Grandes<\/li>\n<\/ul>\n<p>Resulta indispensable para completar la inscripci\u00f3n a cualquiera de las carreras de la oferta 2022, realizar y enviar los dos siguientes formularios:<\/p>\n<p>1- <a href=\"https:\/\/desingresos.seol.ar\/control_acceso\/\" target=\"_blank\" rel=\"noopener\">Para Direcci\u00f3n de Educaci\u00f3n Superior<\/a><\/p>\n<p>2- <a href=\"https:\/\/docs.google.com\/forms\/d\/e\/1FAIpQLSd0yiGNWbCWj7gW9pGVr2Yz0M8nHNFMMSe9D8k10B6Si1weJA\/viewform\" target=\"_blank\" rel=\"noopener\">Para el IES de Santa Sylvina<\/a><\/p>\n<p>&#8212;&#8212;&#8212;&#8212;&#8212;&#8212;&#8212;&#8212;&#8212;&#8212;&#8212;&#8212;&#8212;&#8212;&#8212;&#8212;&#8212;&#8212;&#8212;&#8212;&#8212;&#8212;&#8212;&#8212;&#8212;&#8212;&#8212;&#8212;&#8212;&#8212;&#8212;&#8212;&#8212;&#8212;&#8212;&#8212;&#8212;&#8212;&#8212;-<\/p>\n<h2>Mesas ex\u00e1menes correspondientes a los turnos diciembre 2021 y marzo 2022<\/h2>\n<p>Abajo se publica un enlace para acceder a los cronogramas de las mesas de ex\u00e1menes del <strong>turno diciembre 2021<\/strong>, tanto de la sede como de las UES, que se tomar\u00e1n de manera presencial , y para los cuales la inscripci\u00f3n se realizar\u00e1 los d\u00edas 22 y 23 de febrero de 2022 de manera presencial en el IES, recordando que los interesados deben encuadrarse dentro de los reg\u00edmenes de correlatividades vigentes de cada carrera.<\/p>\n<p><a href=\"https:\/\/drive.google.com\/file\/d\/1RBpw-FdaoNWXdG0cASYDLapOSEH4iVbC\/view?usp=sharing\" target=\"_blank\" rel=\"noopener\">Cronograma turno diciembre 2021<\/a><\/p>\n<p>Para las mesas de ex\u00e1menes del <strong>turno marzo 2022 (<\/strong>presenciales) de la sede y de las UES, la inscripci\u00f3n se realizar\u00e1 los d\u00edas 10 y 11 de marzo de 2022 de manera presencial en el IES, debiendo optar los estudiantes entre uno de los dos llamados agendados, debiendo encuadrarse en los reg\u00edmenes de correlatividades vigentes de cada carrera. A continuaci\u00f3n se publica un enlace para acceder a los cronogramas de este turno.<\/p>\n<p><a href=\"https:\/\/drive.google.com\/file\/d\/11fc-5l1fM8bOadE7rIsT0qQqzMR4gnww\/view?usp=sharing\" target=\"_blank\" rel=\"noopener\">Cronograma turno marzo 2022<\/a><\/p>\n<p>En caso de espacios de carreras que no figuran en los cronogramas, deber\u00e1n acercarse a solicitar conformaci\u00f3n de mesas examinadoras.<\/p>\n<p>&#8212;&#8212;&#8212;&#8212;&#8212;&#8212;&#8212;&#8212;&#8212;&#8212;&#8212;&#8212;&#8212;&#8212;&#8212;&#8212;&#8212;&#8212;&#8212;&#8212;&#8212;&#8212;&#8212;&#8212;&#8212;&#8212;&#8212;&#8212;&#8212;&#8212;&#8212;&#8212;&#8212;&#8212;&#8212;&#8212;&#8212;&#8212;&#8212;-<\/p>\n<h2>Mesas ex\u00e1menes abril-mayo 2021<\/h2>\n<p>Estos llamados corresponden a los per\u00edodos de ex\u00e1menes del mes de diciembre a\u00f1o 2020 y marzo 2021, postergados por\u00a0 reprogramaci\u00f3n del calendario del nivel\u00a0 a causa de A.S.P.O.\u00a0(Aislamiento Social Preventivo y Obligatorio) y\u00a0Di.S.P.O. (Distanciamiento Social Preventivo y Obligatorio).<\/p>\n<p>La inscripci\u00f3n se realizar\u00e1 del 12 al 14 de abril de 2021, utilizando el formulario al que puede acceder desde el enlace de m\u00e1s abajo.\u00a0Al completar el formulario queda inscripto a ambos llamados sucesivos, cuyos ex\u00e1menes transcurrir\u00e1n ente el 19\/4 y el 28\/5 de 2021.<\/p>\n<p>Estas instancias de ex\u00e1menes se tomar\u00e1n de manera virtual debido al Di.S.P.O. por el que pasamos, utilizando un protocolo de ex\u00e1menes virtuales elaborado por la Instituci\u00f3n y aprobado por disposici\u00f3n interna N\u00b0 0015\/20, y seg\u00fan cronograma correspondiente, los cuales usted puede consultar desde los enlaces publicados m\u00e1s abajo:<\/p>\n<p><a href=\"https:\/\/drive.google.com\/file\/d\/1I6j_TKISdjttpVvDqOtf2S8V9MfhJiv2\/view?usp=sharing\" target=\"_blank\" rel=\"noopener\">Protocolo de ex\u00e1menes virtuales<\/a><\/p>\n<p><a href=\"https:\/\/drive.google.com\/file\/d\/1m_GE_gvtKcIyyEWgW9ZEfaZkuV-Kosjl\/view?usp=sharing\" target=\"_blank\" rel=\"noopener\">Cronograma mesas de ex\u00e1menes<\/a><\/p>\n<p><a href=\"https:\/\/docs.google.com\/forms\/d\/e\/1FAIpQLSf8h8oxLSkvcmN41BJ9eUQPFsO2kT1sax1PkPUrGm3p0L3grA\/viewform?usp=sf_link\">Formulario de inscripci\u00f3n<\/a> (disponible del 12 al 14 de abril)<\/p>\n<p>Pedimos particular atenci\u00f3n a la direcci\u00f3n de correo electr\u00f3nico a declarar en el formulario, en el que recibir\u00e1 una copia, la que deber\u00e1 consultar peri\u00f3dicamente (todas sus bandejas), en el per\u00edodo desde que env\u00eda la solicitud hasta el d\u00eda del examen, porque recibir\u00e1 comunicaciones de bedel\u00eda y de los profesores sobre metodolog\u00eda, enlaces a la reuni\u00f3n virtual y pruebas o instrucciones previas.<\/p>\n<p>&#8212;&#8212;&#8212;&#8212;&#8212;&#8212;&#8212;&#8212;&#8212;&#8212;&#8212;&#8212;&#8212;&#8212;&#8212;&#8212;&#8212;&#8212;&#8212;&#8212;&#8212;&#8212;&#8212;&#8212;&#8212;&#8212;&#8212;&#8212;&#8212;&#8212;&#8212;&#8212;&#8212;&#8212;&#8212;&#8212;&#8212;&#8212;&#8212;-<\/p>\n<h2>Inscripciones a carreras 2021<\/h2>\n<p>A partir de la fecha se informa el comienzo de la inscripci\u00f3n (hasta el 23\/4\/2021) a las\u00a0 carreras 2021 de Nuestro I.E.S., a trav\u00e9s del\u00a0<b>Sistema Integral de Inscripci\u00f3n <\/b>que ofrece la Direcci\u00f3n de Educaci\u00f3n Superior de la Provincia de Chaco, al que se accede desde\u00a0<a href=\"https:\/\/desingresos.seol.ar\/\">https:\/\/desingresos.seol.ar\/<\/a>.<\/p>\n<p>Quienes a\u00fan no se han inscripto pueden<span class=\"JsGRdQ\">\u00a0hacerlo hasta el 23\/4 en en <\/span><span class=\"JsGRdQ\"><a href=\"https:\/\/desingresos.seol.ar\/\">desingresos.seol.ar<\/a>, donde deben\u00a0<\/span><span class=\"JsGRdQ\">crear usuario, contrase\u00f1a, ubicar Nuestro Instituto, la carrera deseada y finalizar la inscripci\u00f3n.\u00a0<\/span><span class=\"JsGRdQ\">Si tienen dudas o inconvenientes con la misma, pueden consultar en el I.E.S. o con alg\u00fan docente o referente para brindarles ayuda.<\/span><\/p>\n<p><span class=\"JsGRdQ\">Quienes ya hicieron la preinscripci\u00f3n con nuestro formulario que estuvo disponible hasta hace pocos d\u00edas, no hace falta que hagas esta inscripci\u00f3n, y s\u00f3lo deber\u00e1n presentar la documentaci\u00f3n en la fecha que el I.E.S. establezca.<\/span><\/p>\n<p>Las carreras a las que inscribe Nuestro I.E.S. \u00abProfesor Walter Servando Fontanarrosa\u00bb son:<\/p>\n<div>\n<div>\n<div>\n<ul>\n<li><span dir=\"auto\">Profesorado de Educaci\u00f3n Secundaria en Ciencias de la Administraci\u00f3n<\/span><\/li>\n<li>Profesorado de Educaci\u00f3n Secundaria en Inform\u00e1tica<\/li>\n<li>Profesorado de Educaci\u00f3n Superior en Artes Visuales<\/li>\n<li>Profesorado de Educaci\u00f3n Secundaria en Historia (en UES Chorotis)<\/li>\n<li>Tecnicatura Superior en Admnistraci\u00f3n P\u00fablica (en UES Chorotis)<\/li>\n<li>Tecnicatura Superior en Dise\u00f1o Gr\u00e1fico<\/li>\n<li>Tecnicatura Superior en Producci\u00f3n Agropecuaria<\/li>\n<\/ul>\n<\/div>\n<\/div>\n<\/div>\n<p>&#8212;&#8212;&#8212;&#8212;&#8212;&#8212;&#8212;&#8212;&#8212;&#8212;&#8212;&#8212;&#8212;&#8212;&#8212;&#8212;&#8212;&#8212;&#8212;&#8212;&#8212;&#8212;&#8212;&#8212;&#8212;&#8212;&#8212;&#8212;&#8212;&#8212;&#8212;&#8212;&#8212;&#8212;&#8212;&#8212;&#8212;&#8212;&#8212;-<\/p>\n<h2>Pre-inscripciones a carreras 2021<\/h2>\n<p>Se encuentra abierta la pre-inscripci\u00f3n para carreras 2021 a trav\u00e9s del formulario web cuyo enlace figura m\u00e1s abajo,\u00a0<span class=\"JsGRdQ\">seg\u00fan directivas del <a href=\"https:\/\/drive.google.com\/file\/d\/12W9VeZhsmY8ZMMQran659QwKpVjLhMED\/view?usp=sharing\" target=\"_blank\" rel=\"noopener\">Memorandum 13\/20<\/a> de la Subsecretar\u00eda de Planificaci\u00f3n Educativa, Ciencia y Tecnolog\u00eda del M.E.C.C. y T., a modo de demostrar inter\u00e9s, la apertura de las mismas depender\u00e1 de factores como la cantidad de preinscriptos y otros factores.<\/span><\/p>\n<p><a href=\"https:\/\/docs.google.com\/forms\/d\/e\/1FAIpQLScwFkueTO1IYMHWZzoFfWJ2-8nM4jKGWY69KPQTav3egymOmQ\/viewform?usp=sf_link\" target=\"_blank\" rel=\"noopener\">Formulario pre-inscripci\u00f3n a carreras 2021<\/a><\/p>\n<p>&#8212;&#8212;&#8212;&#8212;&#8212;&#8212;&#8212;&#8212;&#8212;&#8212;&#8212;&#8212;&#8212;&#8212;&#8212;&#8212;&#8212;&#8212;&#8212;&#8212;&#8212;&#8212;&#8212;&#8212;&#8212;&#8212;&#8212;&#8212;&#8212;&#8212;&#8212;&#8212;&#8212;&#8212;&#8212;&#8212;&#8212;&#8212;&#8212;-<\/p>\n<h2>Mesas ex\u00e1menes diciembre 2020 (corresponde a per\u00edodo agosto 2020)<\/h2>\n<p>Este llamado corresponde al per\u00edodo de ex\u00e1menes del mes de agosto a\u00f1o 2020, suspendido por A.S.P.O.\u00a0(Aislamiento Social Preventivo y Obligatorio).<\/p>\n<p>La inscripci\u00f3n se realizar\u00e1 los d\u00edas 24 y 25 de noviembre de 2020, utilizando el formulario al que puede acceder desde el enlace de m\u00e1s abajo.<\/p>\n<p>Estas instancias de ex\u00e1menes se tomar\u00e1n de manera virtual debido al A.S.P.O. por el que pasamos, utilizando un protocolo de ex\u00e1menes virtuales elaborado por la Instituci\u00f3n y aprobado por disposici\u00f3n interna N\u00b0 0015\/20, y seg\u00fan cronograma correspondiente, los cuales usted puede consultar desde los enlaces publicados m\u00e1s abajo:<\/p>\n<p><a href=\"https:\/\/drive.google.com\/file\/d\/1I6j_TKISdjttpVvDqOtf2S8V9MfhJiv2\/view?usp=sharing\">Protocolo de ex\u00e1menes virtuales<\/a><\/p>\n<p><a href=\"https:\/\/drive.google.com\/file\/d\/1ngGpIxyOt014ycddJfR35CtMyuvyvJ9p\/view?usp=sharing\">Cronograma mesas de ex\u00e1menes<\/a><\/p>\n<p><a href=\"https:\/\/docs.google.com\/forms\/d\/e\/1FAIpQLSemR241vQJOEONPpDwHAJkwJA1DY0NN2hkhQb2We9TbmwIe5w\/viewform?usp=sf_link\">Formulario de inscripci\u00f3n<\/a> (disponible 24 y 25 de noviembre)<\/p>\n<p>Pedimos particular atenci\u00f3n a la direcci\u00f3n de correo electr\u00f3nico a declarar en el formulario, en el que recibir\u00e1 una copia, la que deber\u00e1 consultar peri\u00f3dicamente (todas sus bandejas), en el per\u00edodo desde que env\u00eda la solicitud hasta el d\u00eda del examen, porque recibir\u00e1 comunicaciones de bedel\u00eda y de los profesores sobre metodolog\u00eda, enlaces a la reuni\u00f3n virtual y pruebas o instrucciones previas.<\/p>\n<p>&#8212;&#8212;&#8212;&#8212;&#8212;&#8212;&#8212;&#8212;&#8212;&#8212;&#8212;&#8212;&#8212;&#8212;&#8212;&#8212;&#8212;&#8212;&#8212;&#8212;&#8212;&#8212;&#8212;&#8212;&#8212;&#8212;&#8212;&#8212;&#8212;&#8212;&#8212;&#8212;&#8212;&#8212;&#8212;&#8212;&#8212;&#8212;&#8212;-<\/p>\n<h2>Cronograma ex\u00e1menes estudiantes terminales noviembre 2020<\/h2>\n<p>Este llamado corresponde al per\u00edodo de ex\u00e1menes para alumnos terminales (que se llevar\u00e1 a cabo en la semana que va del 16 al 20 de noviembre de 2020), donde se inscribieron los estudiantes que adeuden 1 (uno) o 2 (dos) espacios curriculares para culminar su Carrera.<\/p>\n<p>La inscripci\u00f3n se realiz\u00f3 los d\u00edas 4\/11 y el 5\/11 de 2020.<\/p>\n<p>Estas instancias de ex\u00e1menes se tomar\u00e1n de manera virtual debido al A.S.P.O. por el que pasamos, utilizando un protocolo de ex\u00e1menes virtuales elaborado por la Instituci\u00f3n y aprobado por disposici\u00f3n interna N\u00b0 0015\/20: <a href=\"https:\/\/drive.google.com\/file\/d\/1I6j_TKISdjttpVvDqOtf2S8V9MfhJiv2\/view?usp=sharing\">Protocolo de ex\u00e1menes virtuales<\/a>, seg\u00fan las fechas correspondiente que se publican el siguiente\u00a0<a href=\"https:\/\/drive.google.com\/file\/d\/1bI62Yo1kEk-LJI-XCnfVNXesKXS1Rctg\/view?usp=sharing\" target=\"_blank\" rel=\"noopener\">cronograma<\/a>.<\/p>\n<p>Pedimos particular atenci\u00f3n a la direcci\u00f3n de correo electr\u00f3nico a declarar en el formulario, en el que recibir\u00e1 una copia, la que deber\u00e1 consultar peri\u00f3dicamente (todas sus bandejas), en el per\u00edodo desde que env\u00eda la solicitud hasta el d\u00eda del examen, porque recibir\u00e1 comunicaciones de bedel\u00eda y de los profesores sobre metodolog\u00eda, enlaces a la reuni\u00f3n virtual y pruebas o instrucciones previas.<\/p>\n<p>&#8212;&#8212;&#8212;&#8212;&#8212;&#8212;&#8212;&#8212;&#8212;&#8212;&#8212;&#8212;&#8212;&#8212;&#8212;&#8212;&#8212;&#8212;&#8212;&#8212;&#8212;&#8212;&#8212;&#8212;&#8212;&#8212;&#8212;&#8212;&#8212;&#8212;&#8212;&#8212;&#8212;&#8212;&#8212;&#8212;&#8212;&#8212;&#8212;-<\/p>\n<h2>Mesas ex\u00e1menes estudiantes terminales noviembre 2020<\/h2>\n<p>Este llamado corresponde al per\u00edodo de ex\u00e1menes para alumnos terminales (que se llevar\u00e1 a cabo en la semana que va del 9 al 13 de noviembre de 2020). S\u00f3lo pueden inscribirse los estudiantes que adeuden 1 (uno) o 2 (dos) espacios curriculares para culminar su Carrera.<\/p>\n<p>La inscripci\u00f3n se realizar\u00e1 los d\u00edas 4\/11 y el 5\/11 de 2020, utilizando el formulario al que puede acceder desde el enlace de m\u00e1s abajo.<\/p>\n<p><a href=\"https:\/\/docs.google.com\/forms\/d\/e\/1FAIpQLScNSKA71GBOlsQ6uDFcdz4q3iznhqIlRjtw37xXsgJ3tF--_A\/viewform?usp=sf_link\">Formulario de inscripci\u00f3n<\/a>\u00a0(disponible el 4 y el 5 de noviembre)<\/p>\n<p>Estas instancias de ex\u00e1menes se tomar\u00e1n de manera virtual debido al A.S.P.O. por el que pasamos, utilizando un protocolo de ex\u00e1menes virtuales elaborado por la Instituci\u00f3n y aprobado por disposici\u00f3n interna N\u00b0 0015\/20: <a href=\"https:\/\/drive.google.com\/file\/d\/1I6j_TKISdjttpVvDqOtf2S8V9MfhJiv2\/view?usp=sharing\">Protocolo de ex\u00e1menes virtuales<\/a>, seg\u00fan cronograma correspondiente que se elaborar\u00e1 seg\u00fan esta inscripci\u00f3n (y se comunicar\u00e1 de manera privada a cada inscripto).<\/p>\n<p>Pedimos particular atenci\u00f3n a la direcci\u00f3n de correo electr\u00f3nico a declarar en el formulario, en el que recibir\u00e1 una copia, la que deber\u00e1 consultar peri\u00f3dicamente (todas sus bandejas), en el per\u00edodo desde que env\u00eda la solicitud hasta el d\u00eda del examen, porque recibir\u00e1 comunicaciones de bedel\u00eda y de los profesores sobre metodolog\u00eda, enlaces a la reuni\u00f3n virtual y pruebas o instrucciones previas.<\/p>\n<p>&#8212;&#8212;&#8212;&#8212;&#8212;&#8212;&#8212;&#8212;&#8212;&#8212;&#8212;&#8212;&#8212;&#8212;&#8212;&#8212;&#8212;&#8212;&#8212;&#8212;&#8212;&#8212;&#8212;&#8212;&#8212;&#8212;&#8212;&#8212;&#8212;&#8212;&#8212;&#8212;&#8212;&#8212;&#8212;&#8212;&#8212;&#8212;&#8212;-<\/p>\n<h2>Mesas ex\u00e1menes octubre 2020<\/h2>\n<p>Este llamado corresponde al per\u00edodo de ex\u00e1menes del mes de marzo a\u00f1o 2020, suspendido por A.S.P.O.\u00a0(Aislamiento Social Preventivo y Obligatorio).<\/p>\n<p>La inscripci\u00f3n se realizar\u00e1 entre el 21\/9 y el 23\/9 de 2020, utilizando el formulario al que puede acceder desde el enlace de m\u00e1s abajo.<\/p>\n<p>Estas instancias de ex\u00e1menes se tomar\u00e1n de manera virtual debido al A.S.P.O. por el que pasamos, utilizando un protocolo de ex\u00e1menes virtuales elaborado por la Instituci\u00f3n y aprobado por disposici\u00f3n interna N\u00b0 0015\/20, y seg\u00fan cronograma correspondiente, los cuales usted puede consultar desde los enlaces publicados m\u00e1s abajo:<\/p>\n<p><a href=\"https:\/\/drive.google.com\/file\/d\/1I6j_TKISdjttpVvDqOtf2S8V9MfhJiv2\/view?usp=sharing\">Protocolo de ex\u00e1menes virtuales<\/a><\/p>\n<p><a href=\"https:\/\/drive.google.com\/file\/d\/1_RJzRBbkkdqBKLv4myKzdYEWWXi_rj5j\/view?usp=sharing\">Cronograma mesas de ex\u00e1menes Octubre 2020<\/a><\/p>\n<p><a href=\"https:\/\/forms.gle\/TNdMo2sPwLWBoHJa9\">Formulario de inscripci\u00f3n<\/a> (disponible entre el 21 y el 23 de septiembre)<\/p>\n<p>Pedimos particular atenci\u00f3n a la direcci\u00f3n de correo electr\u00f3nico a declarar en el formulario, en el que recibir\u00e1 una copia, la que deber\u00e1 consultar peri\u00f3dicamente (todas sus bandejas), en el per\u00edodo desde que env\u00eda la solicitud hasta el d\u00eda del examen, porque recibir\u00e1 comunicaciones de bedel\u00eda y de los profesores sobre metodolog\u00eda, enlaces a la reuni\u00f3n virtual y pruebas o instrucciones previas.<br \/>.<\/p>\n\n\n<p><\/p>\n\n\n\n<p><\/p>\n","protected":false},"excerpt":{"rendered":"<p>Est\u00e1n abiertas las preinscripciones a carreras 2024 \u00a0 Compartimos el enlace del formulario web para realizar la preinscripci\u00f3n para las carreras a iniciar en 2024, tanto en la sede (Santa Sylvina) como en la UES (Chorotis): Preinscripci\u00f3n 2024\u00a0 El enlace al formulario tambi\u00e9n esta publicado en el linktree del IES, que es una p\u00e1gina que &#8230; <a title=\"Inicio\" class=\"read-more\" href=\"https:\/\/instsantasylvina-cha.infd.edu.ar\/sitio\/\" aria-label=\"More on Inicio\">[+]<\/a><\/p>\n","protected":false},"author":1,"featured_media":0,"parent":0,"menu_order":0,"comment_status":"closed","ping_status":"closed","template":"","meta":[],"acf":[],"_links":{"self":[{"href":"https:\/\/instsantasylvina-cha.infd.edu.ar\/sitio\/wp-json\/wp\/v2\/pages\/286"}],"collection":[{"href":"https:\/\/instsantasylvina-cha.infd.edu.ar\/sitio\/wp-json\/wp\/v2\/pages"}],"about":[{"href":"https:\/\/instsantasylvina-cha.infd.edu.ar\/sitio\/wp-json\/wp\/v2\/types\/page"}],"author":[{"embeddable":true,"href":"https:\/\/instsantasylvina-cha.infd.edu.ar\/sitio\/wp-json\/wp\/v2\/users\/1"}],"replies":[{"embeddable":true,"href":"https:\/\/instsantasylvina-cha.infd.edu.ar\/sitio\/wp-json\/wp\/v2\/comments?post=286"}],"version-history":[{"count":107,"href":"https:\/\/instsantasylvina-cha.infd.edu.ar\/sitio\/wp-json\/wp\/v2\/pages\/286\/revisions"}],"predecessor-version":[{"id":950,"href":"https:\/\/instsantasylvina-cha.infd.edu.ar\/sitio\/wp-json\/wp\/v2\/pages\/286\/revisions\/950"}],"wp:attachment":[{"href":"https:\/\/instsantasylvina-cha.infd.edu.ar\/sitio\/wp-json\/wp\/v2\/media?parent=286"}],"curies":[{"name":"wp","href":"https:\/\/api.w.org\/{rel}","templated":true}]}}