{"id":818,"date":"2018-08-30T17:14:42","date_gmt":"2018-08-30T20:14:42","guid":{"rendered":"https:\/\/instsantasylvina-cha.infd.edu.ar\/sitio\/centro-de-estudiantes\/"},"modified":"2022-12-09T08:20:54","modified_gmt":"2022-12-09T11:20:54","slug":"centro-de-estudiantes","status":"publish","type":"page","link":"https:\/\/instsantasylvina-cha.infd.edu.ar\/sitio\/centro-de-estudiantes\/","title":{"rendered":"Centro de Estudiantes"},"content":{"rendered":"<p><span style=\"font-size: 12pt;\">Secci\u00f3n del Centro de Estudiantes del Instituto de Educaci\u00f3n Superior \u00abProfesor Walter Servando Fontanarrosa\u00bb, de Santa Sylvina.<\/span><\/p>\n<p><span style=\"font-size: 12pt;\">Aqu\u00ed encontrar\u00e1s toda la informaci\u00f3n acerca de este \u00f3rgano de participaci\u00f3n estudiantil, sus objetivos, proceso conformaci\u00f3n, autoridades. <\/span><span style=\"font-size: 12pt;\">Adem\u00e1s, podr\u00e1s ver todas las actividades que se realizan desde el mismo<\/span><\/p>\n\n\n<figure class=\"wp-block-gallery columns-1 is-cropped wp-block-gallery-1 is-layout-flex\"><ul class=\"blocks-gallery-grid\"><li class=\"blocks-gallery-item\"><figure><img decoding=\"async\" loading=\"lazy\" width=\"1900\" height=\"1421\" src=\"https:\/\/instsantasylvina-cha.infd.edu.ar\/sitio\/wp-content\/uploads\/2022\/12\/centro-estud-1900x1421.jpg\" alt=\"\" data-id=\"941\" data-full-url=\"https:\/\/instsantasylvina-cha.infd.edu.ar\/sitio\/wp-content\/uploads\/2022\/12\/centro-estud.jpg\" data-link=\"https:\/\/instsantasylvina-cha.infd.edu.ar\/sitio\/centro-de-estudiantes\/centro-estud\/#main\" class=\"wp-image-941\" srcset=\"https:\/\/instsantasylvina-cha.infd.edu.ar\/sitio\/wp-content\/uploads\/2022\/12\/centro-estud-1900x1421.jpg 1900w, https:\/\/instsantasylvina-cha.infd.edu.ar\/sitio\/wp-content\/uploads\/2022\/12\/centro-estud-1000x748.jpg 1000w, https:\/\/instsantasylvina-cha.infd.edu.ar\/sitio\/wp-content\/uploads\/2022\/12\/centro-estud-768x575.jpg 768w, https:\/\/instsantasylvina-cha.infd.edu.ar\/sitio\/wp-content\/uploads\/2022\/12\/centro-estud-1536x1149.jpg 1536w, https:\/\/instsantasylvina-cha.infd.edu.ar\/sitio\/wp-content\/uploads\/2022\/12\/centro-estud.jpg 2048w\" sizes=\"(max-width: 1900px) 100vw, 1900px\" \/><figcaption class=\"blocks-gallery-item__caption\">Asamblea para la Conformaci\u00f3n del Centro de Estudiantes, el d\u00eda 27 de Junio de 2022.<\/figcaption><\/figure><\/li><\/ul><\/figure>\n","protected":false},"excerpt":{"rendered":"<p>Secci\u00f3n del Centro de Estudiantes del Instituto de Educaci\u00f3n Superior \u00abProfesor Walter Servando Fontanarrosa\u00bb, de Santa Sylvina. Aqu\u00ed encontrar\u00e1s toda la informaci\u00f3n acerca de este \u00f3rgano de participaci\u00f3n estudiantil, sus objetivos, proceso conformaci\u00f3n, autoridades. Adem\u00e1s, podr\u00e1s ver todas las actividades que se realizan desde el mismo<\/p>\n","protected":false},"author":366,"featured_media":0,"parent":0,"menu_order":0,"comment_status":"closed","ping_status":"closed","template":"","meta":[],"acf":[],"_links":{"self":[{"href":"https:\/\/instsantasylvina-cha.infd.edu.ar\/sitio\/wp-json\/wp\/v2\/pages\/818"}],"collection":[{"href":"https:\/\/instsantasylvina-cha.infd.edu.ar\/sitio\/wp-json\/wp\/v2\/pages"}],"about":[{"href":"https:\/\/instsantasylvina-cha.infd.edu.ar\/sitio\/wp-json\/wp\/v2\/types\/page"}],"author":[{"embeddable":true,"href":"https:\/\/instsantasylvina-cha.infd.edu.ar\/sitio\/wp-json\/wp\/v2\/users\/366"}],"replies":[{"embeddable":true,"href":"https:\/\/instsantasylvina-cha.infd.edu.ar\/sitio\/wp-json\/wp\/v2\/comments?post=818"}],"version-history":[{"count":2,"href":"https:\/\/instsantasylvina-cha.infd.edu.ar\/sitio\/wp-json\/wp\/v2\/pages\/818\/revisions"}],"predecessor-version":[{"id":944,"href":"https:\/\/instsantasylvina-cha.infd.edu.ar\/sitio\/wp-json\/wp\/v2\/pages\/818\/revisions\/944"}],"wp:attachment":[{"href":"https:\/\/instsantasylvina-cha.infd.edu.ar\/sitio\/wp-json\/wp\/v2\/media?parent=818"}],"curies":[{"name":"wp","href":"https:\/\/api.w.org\/{rel}","templated":true}]}}